{"id":326,"date":"2024-04-25T22:51:31","date_gmt":"2024-04-25T22:51:31","guid":{"rendered":"https:\/\/www.drome-accueil-solidaire.org\/?page_id=326"},"modified":"2024-06-15T08:26:22","modified_gmt":"2024-06-15T08:26:22","slug":"solidarloc-les-dates-clefs","status":"publish","type":"page","link":"https:\/\/www.drome-accueil-solidaire.org\/?page_id=326","title":{"rendered":"Historique de l&rsquo;association Solidarloc"},"content":{"rendered":"\n<div class=\"wp-block-media-text has-media-on-the-right is-stacked-on-mobile\" style=\"grid-template-columns:auto 15%\"><div class=\"wp-block-media-text__content\">\n<p><\/p>\n<\/div><figure class=\"wp-block-media-text__media\"><a href=\"https:\/\/www.drome-accueil-solidaire.org\/?page_id=323\" target=\"_blank\" rel=\"noreferrer noopener\"><img loading=\"lazy\" decoding=\"async\" width=\"282\" height=\"253\" src=\"https:\/\/www.drome-accueil-solidaire.org\/wp-content\/uploads\/2024\/05\/Solidarloc-accueil.png\" alt=\"\" class=\"wp-image-559 size-full\"\/><\/a><\/figure><\/div>\n\n\n\n<p><strong>5 janvier 2018&nbsp;<\/strong>: cr\u00e9ation de l\u2019association \u00e0 Crest<\/p>\n\n\n\n<p>Ir\u00e8ne, Jean-Louis et Colette ont l\u2019id\u00e9e de cr\u00e9er une association pour permettre \u00e0 une famille de se loger correctement. Ils trouvent un appartement \u00e0 Ao\u00fbste-sur-Sye mais cette famille n\u2019a pas de garant (caution solidaire). C\u2019est ainsi que l\u2019id\u00e9e de cr\u00e9er une association, qui sera garant pour cette famille, a germ\u00e9. Solidarloc est n\u00e9e. Sa mission&nbsp;: mettre \u00e0 disposition un logement pour toute personne en situation pr\u00e9caire, quelque soit son origine, son statut.<\/p>\n\n\n\n<p><strong>2019<\/strong>&nbsp;: une opportunit\u00e9<\/p>\n\n\n\n<p>l\u2019abb\u00e9 Rougny poss\u00e8de une maison de ville au cours Joubernon \u00e0 Crest dont il ne veut pas s\u2019occuper mais souhaite mettre \u00e0 disposition d\u2019une association caritative. Cette maison est \u00e0 l\u2019abandon depuis plusieurs ann\u00e9es, a \u00e9t\u00e9 squatt\u00e9e et tout est \u00e0 refaire. Le Secours Catholique de Crest d\u00e9cline l\u2019offre mais Marie-Th\u00e9r\u00e8se Combe, active dans cette association, contacte Solidarloc&nbsp;<\/p>\n\n\n\n<p>Solidarloc saisit cette opportunit\u00e9 et c\u2019est le d\u00e9but d\u2019une belle aventure&nbsp;: un bail emphyt\u00e9otique est conclu entre l\u2019abb\u00e9 Rougny et Solidarloc.<\/p>\n\n\n\n<p><strong>2020&nbsp;<\/strong>: chantier de b\u00e9n\u00e9voles, campagne de financement participatif\u2026.les Responsables de Solidarloc sont sur le pont pour restaurer cette maison (malgr\u00e9 les \u00e9pisodes de Covid) et y cr\u00e9er 3 petits appartements qui permettront d\u2019accueillir des personnes en grandes pr\u00e9carit\u00e9&nbsp;: la Maison Marguerite est n\u00e9e.<\/p>\n\n\n\n<p><strong>Juillet 2020<\/strong>&nbsp;: accueil des premiers occupants<\/p>\n\n\n\n<p><strong>septembre 2020<\/strong>&nbsp;: inauguration de la Maison Marguerite<\/p>\n\n\n\n<p>Dans le m\u00eame temps, cr\u00e9ation, au sein de Solidarloc, d\u2019un Comit\u00e9 de Pilotage qui aura pour objectif de g\u00e9rer la Maison Marguerite.<\/p>\n\n\n\n<p>L\u2019ann\u00e9e 2020 est un v\u00e9ritable tournant pour Solidarloc. Cela n\u2019aurait pas \u00e9t\u00e9 possible sans le soutien du Cr\u00e9dit Mutuel, du journal le Crestois et surtout sans tous les b\u00e9n\u00e9voles qui ont particip\u00e9 aux travaux et aux campagnes de dons.<\/p>\n\n\n\n<p><strong>2021<\/strong>&nbsp;: Solidarloc dispose de 4 logements&nbsp;<\/p>\n\n\n\n<p>un appartement en location \u00e0 Ao\u00fbste et 3 logements dans la Maison Marguerite.<\/p>\n\n\n\n<p><strong>2022<\/strong>&nbsp;: Solidarloc dispose de 8 logements<\/p>\n\n\n\n<p>Solidarloc commence \u00e0 \u00eatre connu et des propri\u00e9taires particuliers proposent de lui louer leur bien ou de le lui mettre \u00e0 disposition.<br>Ainsi, 2 logements sont lou\u00e9s \u00e0 titre gracieux dans Crest et 2 maisons de ville sont lou\u00e9es par Solidarloc avec l\u2019autorisation de sous-louer.<\/p>\n\n\n\n<p><strong>2023<\/strong>&nbsp;: Solidarloc se structure et s\u2019organise pour la gestion et l\u2019accueil dans tous ses logements. Chaque logement est g\u00e9r\u00e9 par 2 adh\u00e9rents b\u00e9n\u00e9voles. Un classeur est constitu\u00e9 pour chaque logement avec toutes les infos pratiques qui permettent le suivi des arriv\u00e9es, d\u00e9parts.<\/p>\n\n\n\n<div class=\"wp-block-group is-nowrap is-layout-flex wp-container-core-group-is-layout-6c531013 wp-block-group-is-layout-flex\">\n<figure class=\"wp-block-image size-full is-resized\"><img loading=\"lazy\" decoding=\"async\" width=\"461\" height=\"284\" src=\"https:\/\/www.drome-accueil-solidaire.org\/wp-content\/uploads\/2024\/05\/Solidarloc-MM-Copil.jpg\" alt=\"\" class=\"wp-image-433\" style=\"width:402px;height:auto\" srcset=\"https:\/\/www.drome-accueil-solidaire.org\/wp-content\/uploads\/2024\/05\/Solidarloc-MM-Copil.jpg 461w, https:\/\/www.drome-accueil-solidaire.org\/wp-content\/uploads\/2024\/05\/Solidarloc-MM-Copil-300x185.jpg 300w\" sizes=\"auto, (max-width: 461px) 100vw, 461px\" \/><\/figure>\n\n\n\n<figure class=\"wp-block-image size-large is-resized\"><img loading=\"lazy\" decoding=\"async\" width=\"1024\" height=\"576\" src=\"https:\/\/www.drome-accueil-solidaire.org\/wp-content\/uploads\/2024\/05\/Solidarloc-soiree-ouverture-1024x576.jpg\" alt=\"\" class=\"wp-image-476\" style=\"width:442px;height:auto\" srcset=\"https:\/\/www.drome-accueil-solidaire.org\/wp-content\/uploads\/2024\/05\/Solidarloc-soiree-ouverture-1024x576.jpg 1024w, https:\/\/www.drome-accueil-solidaire.org\/wp-content\/uploads\/2024\/05\/Solidarloc-soiree-ouverture-300x169.jpg 300w, https:\/\/www.drome-accueil-solidaire.org\/wp-content\/uploads\/2024\/05\/Solidarloc-soiree-ouverture-768x432.jpg 768w, https:\/\/www.drome-accueil-solidaire.org\/wp-content\/uploads\/2024\/05\/Solidarloc-soiree-ouverture-1536x864.jpg 1536w, https:\/\/www.drome-accueil-solidaire.org\/wp-content\/uploads\/2024\/05\/Solidarloc-soiree-ouverture-2048x1152.jpg 2048w\" sizes=\"auto, (max-width: 1024px) 100vw, 1024px\" \/><\/figure>\n<\/div>\n","protected":false},"excerpt":{"rendered":"<p>5 janvier 2018&nbsp;: cr\u00e9ation de l\u2019association \u00e0 Crest Ir\u00e8ne, Jean-Louis et Colette ont l\u2019id\u00e9e de cr\u00e9er une association pour permettre \u00e0 une famille de se loger correctement. Ils trouvent un appartement \u00e0 Ao\u00fbste-sur-Sye mais cette famille n\u2019a pas de garant (caution solidaire). C\u2019est ainsi que l\u2019id\u00e9e de cr\u00e9er une association, qui sera garant pour cette [&hellip;]<\/p>\n","protected":false},"author":8,"featured_media":0,"parent":70,"menu_order":2,"comment_status":"closed","ping_status":"closed","template":"","meta":{"footnotes":""},"class_list":["post-326","page","type-page","status-publish","hentry"],"_links":{"self":[{"href":"https:\/\/www.drome-accueil-solidaire.org\/index.php?rest_route=\/wp\/v2\/pages\/326","targetHints":{"allow":["GET"]}}],"collection":[{"href":"https:\/\/www.drome-accueil-solidaire.org\/index.php?rest_route=\/wp\/v2\/pages"}],"about":[{"href":"https:\/\/www.drome-accueil-solidaire.org\/index.php?rest_route=\/wp\/v2\/types\/page"}],"author":[{"embeddable":true,"href":"https:\/\/www.drome-accueil-solidaire.org\/index.php?rest_route=\/wp\/v2\/users\/8"}],"replies":[{"embeddable":true,"href":"https:\/\/www.drome-accueil-solidaire.org\/index.php?rest_route=%2Fwp%2Fv2%2Fcomments&post=326"}],"version-history":[{"count":16,"href":"https:\/\/www.drome-accueil-solidaire.org\/index.php?rest_route=\/wp\/v2\/pages\/326\/revisions"}],"predecessor-version":[{"id":623,"href":"https:\/\/www.drome-accueil-solidaire.org\/index.php?rest_route=\/wp\/v2\/pages\/326\/revisions\/623"}],"up":[{"embeddable":true,"href":"https:\/\/www.drome-accueil-solidaire.org\/index.php?rest_route=\/wp\/v2\/pages\/70"}],"wp:attachment":[{"href":"https:\/\/www.drome-accueil-solidaire.org\/index.php?rest_route=%2Fwp%2Fv2%2Fmedia&parent=326"}],"curies":[{"name":"wp","href":"https:\/\/api.w.org\/{rel}","templated":true}]}}